{"id":22994360,"date":"2023-06-19T16:22:07","date_gmt":"2023-06-19T14:22:07","guid":{"rendered":"https:\/\/pelichet.wow-digital.com\/startseite\/"},"modified":"2025-03-26T06:39:43","modified_gmt":"2025-03-26T05:39:43","slug":"startseite","status":"publish","type":"page","link":"https:\/\/staging.pelichet.ch\/de\/","title":{"rendered":"Startseite"},"content":{"rendered":"<p>[et_pb_section fb_built=&#8220;1&#8243; admin_label=&#8220;Hero&#8220; _builder_version=&#8220;4.25.0&#8243; _module_preset=&#8220;_initial&#8220; background_color=&#8220;rgba(0,0,0,0.15)&#8220; background_image=&#8220;https:\/\/staging.pelichet.ch\/wp-content\/uploads\/2024\/07\/pelichet-demenagement-suisse-demenageur-geneve-1920-med.webp&#8220; background_enable_video_mp4=&#8220;off&#8220; background_video_width=&#8220;100%&#8220; background_video_height=&#8220;100%&#8220; module_alignment=&#8220;center&#8220; height=&#8220;88vh&#8220; custom_padding=&#8220;||||false&#8220; custom_css_main_element=&#8220;display: flex;||flex-wrap: wrap;||align-content: center;&#8220; global_colors_info=&#8220;{}&#8220;][et_pb_row _builder_version=&#8220;4.21.0&#8243; _module_preset=&#8220;_initial&#8220; custom_margin=&#8220;||||false|false&#8220; custom_padding=&#8220;0px||0px||false|false&#8220; global_colors_info=&#8220;{}&#8220;][et_pb_column type=&#8220;4_4&#8243; admin_label=&#8220;Kolumne&#8220; _builder_version=&#8220;4.21.0&#8243; _module_preset=&#8220;default&#8220; global_colors_info=&#8220;{}&#8220;][et_pb_text _builder_version=&#8220;4.21.0&#8243; _module_preset=&#8220;_initial&#8220; text_text_color=&#8220;#FFFFFF&#8220; text_font_size=&#8220;1.25em&#8220; text_letter_spacing=&#8220;0.3em&#8220; text_line_height=&#8220;1.25em&#8220; custom_margin=&#8220;||24px||false|false&#8220; global_colors_info=&#8220;{}&#8220;]<\/p>\n<p><strong>PELICHET<\/strong><\/p>\n<p>[\/et_pb_text][et_pb_text admin_label=&#8220;Texte&#8220; module_class=&#8220;accent-highlight&#8220; _builder_version=&#8220;4.21.0&#8243; _module_preset=&#8220;_initial&#8220; header_text_color=&#8220;#FFFFFF&#8220; custom_padding=&#8220;||||false|false&#8220; header_font_size_tablet=&#8220;4em&#8220; header_font_size_phone=&#8220;2.51em&#8220; header_font_size_last_edited=&#8220;on|phone&#8220; global_colors_info=&#8220;{}&#8220;]<\/p>\n<h1>Experte f\u00fcr<br \/><em>Mobilit\u00e4t<\/em><br \/><em>seit 1891<\/em><\/h1>\n<p>[\/et_pb_text][et_pb_text _builder_version=&#8220;4.23.4&#8243; _module_preset=&#8220;_initial&#8220; text_text_color=&#8220;#F2F2F2&#8243; text_font_size=&#8220;1.25em&#8220; text_line_height=&#8220;1.25em&#8220; max_width=&#8220;600px&#8220; module_alignment=&#8220;left&#8220; custom_margin=&#8220;||16px||false|false&#8220; module_alignment_tablet=&#8220;center&#8220; module_alignment_phone=&#8220;center&#8220; module_alignment_last_edited=&#8220;on|phone&#8220; locked=&#8220;off&#8220; global_colors_info=&#8220;{}&#8220;]Genf &#8211; Schweiz &#8211; International[\/et_pb_text][\/et_pb_column][\/et_pb_row][et_pb_row _builder_version=&#8220;4.21.0&#8243; _module_preset=&#8220;_initial&#8220; custom_margin=&#8220;||||false|false&#8220; custom_padding=&#8220;24px||100px||false|false&#8220; global_colors_info=&#8220;{}&#8220;][et_pb_column type=&#8220;4_4&#8243; _builder_version=&#8220;4.21.0&#8243; _module_preset=&#8220;default&#8220; global_colors_info=&#8220;{}&#8220;][et_pb_button button_url=&#8220;@ET-DC@eyJkeW5hbWljIjp0cnVlLCJjb250ZW50IjoicG9zdF9saW5rX3VybF9wYWdlIiwic2V0dGluZ3MiOnsicG9zdF9pZCI6IjQwIn19@&#8220; button_text=&#8220;Einen kostenvoranschlag anfordern&#8220; _builder_version=&#8220;4.25.0&#8243; _dynamic_attributes=&#8220;button_url&#8220; _module_preset=&#8220;b31819b6-853f-4ec8-b07c-0a6e3bafee0b&#8220; button_bg_color=&#8220;#F27C21&#8243; button_border_color=&#8220;RGBA(255,255,255,0)&#8220; button_text_color_tablet=&#8220;&#8220; button_text_color_phone=&#8220;&#8220; button_text_color_last_edited=&#8220;on|desktop&#8220; global_colors_info=&#8220;{}&#8220; button_text_color__hover_enabled=&#8220;on|desktop&#8220; button_text_color__hover=&#8220;#F27C21&#8243; button_bg_color__hover=&#8220;#FFFFFF&#8220; button_bg_enable_color__hover=&#8220;on&#8220; button_border_color__hover=&#8220;&#8220; button_border_color__hover_enabled=&#8220;on|desktop&#8220;][\/et_pb_button][\/et_pb_column][\/et_pb_row][\/et_pb_section][et_pb_section fb_built=&#8220;1&#8243; admin_label=&#8220;Quote + Services&#8220; _builder_version=&#8220;4.21.0&#8243; _module_preset=&#8220;_initial&#8220; global_colors_info=&#8220;{}&#8220;][et_pb_row custom_padding_last_edited=&#8220;on|phone&#8220; module_class=&#8220;strong-in-orange&#8220; _builder_version=&#8220;4.21.0&#8243; _module_preset=&#8220;_initial&#8220; max_width=&#8220;1050px&#8220; module_alignment=&#8220;center&#8220; custom_padding=&#8220;0px||80px||false|false&#8220; custom_padding_tablet=&#8220;0px||70px||false|false&#8220; custom_padding_phone=&#8220;0px||40px||false|false&#8220; animation_style=&#8220;fade&#8220; global_colors_info=&#8220;{}&#8220;][et_pb_column type=&#8220;4_4&#8243; _builder_version=&#8220;4.21.0&#8243; _module_preset=&#8220;default&#8220; global_colors_info=&#8220;{}&#8220;][et_pb_text _builder_version=&#8220;4.23.4&#8243; _module_preset=&#8220;_initial&#8220; text_font_size=&#8220;2.81em&#8220; text_line_height=&#8220;1.6em&#8220; text_font_size_tablet=&#8220;2.19em&#8220; text_font_size_phone=&#8220;1.5em&#8220; text_font_size_last_edited=&#8220;on|phone&#8220; global_colors_info=&#8220;{}&#8220;]Als spezialisiertes Umzugsunternehmen seit \u00fcber 130 Jahren bietet Pelichet eine umfassende Palette von Mobilit\u00e4tsdienstleistungen in Genf, in der Schweiz und im Ausland, mit einem internationalen Netzwerk von Experten und 100 % ma\u00dfgeschneiderten L\u00f6sungen f\u00fcr Unternehmen, internationale Organisationen und Privatkunden.[\/et_pb_text][et_pb_divider divider_weight=&#8220;2px&#8220; _builder_version=&#8220;4.21.0&#8243; _module_preset=&#8220;default&#8220; width=&#8220;33%&#8220; module_alignment=&#8220;left&#8220; custom_padding=&#8220;60px||0px||false|false&#8220; custom_padding_tablet=&#8220;60px||||false|false&#8220; custom_padding_phone=&#8220;30px||||false|false&#8220; custom_padding_last_edited=&#8220;on|tablet&#8220; global_colors_info=&#8220;{}&#8220;][\/et_pb_divider][\/et_pb_column][\/et_pb_row][et_pb_row _builder_version=&#8220;4.21.0&#8243; _module_preset=&#8220;_initial&#8220; custom_padding=&#8220;0px||24px||false|false&#8220; animation_style=&#8220;fade&#8220; global_colors_info=&#8220;{}&#8220;][et_pb_column type=&#8220;4_4&#8243; _builder_version=&#8220;4.21.0&#8243; _module_preset=&#8220;default&#8220; global_colors_info=&#8220;{}&#8220;][et_pb_text _builder_version=&#8220;4.21.0&#8243; _module_preset=&#8220;_initial&#8220; global_colors_info=&#8220;{}&#8220;]<\/p>\n<h2><strong>Unsere Leistungen<\/strong><\/h2>\n<p>[\/et_pb_text][\/et_pb_column][\/et_pb_row][et_pb_row column_structure=&#8220;1_4,1_4,1_4,1_4&#8243; use_custom_gutter=&#8220;on&#8220; gutter_width=&#8220;2&#8243; make_equal=&#8220;on&#8220; _builder_version=&#8220;4.21.0&#8243; _module_preset=&#8220;_initial&#8220; custom_padding=&#8220;0px||||false|false&#8220; global_colors_info=&#8220;{}&#8220;][et_pb_column type=&#8220;1_4&#8243; _builder_version=&#8220;4.21.0&#8243; _module_preset=&#8220;default&#8220; animation_style=&#8220;fade&#8220; global_colors_info=&#8220;{}&#8220;][et_pb_blurb title=&#8220;Internationale Umz\u00fcge&#8220; alt=&#8220;Mit Pelichet ins Ausland umziehen&#8220; _builder_version=&#8220;4.25.0&#8243; _dynamic_attributes=&#8220;link_option_url&#8220; _module_preset=&#8220;d907582d-6388-433a-b535-78dce220b23e&#8220; background_image=&#8220;https:\/\/staging.pelichet.ch\/wp-content\/uploads\/2024\/07\/demenagement-international-pelichet.webp&#8220; link_option_url=&#8220;@ET-DC@eyJkeW5hbWljIjp0cnVlLCJjb250ZW50IjoicG9zdF9saW5rX3VybF9wYWdlIiwic2V0dGluZ3MiOnsicG9zdF9pZCI6IjIyOTkyMDYyIn19@&#8220; global_colors_info=&#8220;{}&#8220;]<\/p>\n<p>Erstklassige und 100 % personalisierte Dienstleistungen, unabh\u00e4ngig vom Zielort.<\/p>\n<p>[\/et_pb_blurb][\/et_pb_column][et_pb_column type=&#8220;1_4&#8243; _builder_version=&#8220;4.21.0&#8243; _module_preset=&#8220;default&#8220; animation_style=&#8220;fade&#8220; global_colors_info=&#8220;{}&#8220;][et_pb_blurb title=&#8220;Umz\u00fcge in der Schweiz&#8220; alt=&#8220;Umzug von Privatpersonen in der Schweiz&#8220; _builder_version=&#8220;4.25.0&#8243; _dynamic_attributes=&#8220;link_option_url&#8220; _module_preset=&#8220;d907582d-6388-433a-b535-78dce220b23e&#8220; background_image=&#8220;https:\/\/staging.pelichet.ch\/wp-content\/uploads\/2024\/07\/demenagement-particulier-pelichet-suisse-geneve-1.webp&#8220; link_option_url=&#8220;@ET-DC@eyJkeW5hbWljIjp0cnVlLCJjb250ZW50IjoicG9zdF9saW5rX3VybF9wYWdlIiwic2V0dGluZ3MiOnsicG9zdF9pZCI6IjIyOTkxNjk2In19@&#8220; global_colors_info=&#8220;{}&#8220;]<\/p>\n<p><span>Ein lokales und <\/span><span>traditionsreiches Unternehmen f\u00fcr Ihre<\/span><span> Umz\u00fcge<\/span><span>.<\/span><\/p>\n<p>[\/et_pb_blurb][\/et_pb_column][et_pb_column type=&#8220;1_4&#8243; _builder_version=&#8220;4.21.0&#8243; _module_preset=&#8220;default&#8220; animation_style=&#8220;fade&#8220; global_colors_info=&#8220;{}&#8220;][et_pb_blurb title=&#8220;Industrieanlagen und Schwerlastumz\u00fcge&#8220; _builder_version=&#8220;4.25.0&#8243; _module_preset=&#8220;d907582d-6388-433a-b535-78dce220b23e&#8220; background_image=&#8220;https:\/\/staging.pelichet.ch\/wp-content\/uploads\/2024\/07\/transfert-industriel.webp&#8220; link_option_url=&#8220;\/de\/fachkraefte\/ubertragung\/#industriel&#8220; hover_enabled=&#8220;0&#8243; global_colors_info=&#8220;{}&#8220; sticky_enabled=&#8220;0&#8243;]<\/p>\n<p><span>Expertise<\/span><span> und modernste Technologien f\u00fcr <\/span><span>den Umzug<\/span><span> von Industrieanlagen und Maschinen bis zu 30 Tonnen.<\/span><\/p>\n<p>[\/et_pb_blurb][\/et_pb_column][et_pb_column type=&#8220;1_4&#8243; _builder_version=&#8220;4.21.0&#8243; _module_preset=&#8220;default&#8220; animation_style=&#8220;fade&#8220; global_colors_info=&#8220;{}&#8220;][et_pb_blurb title=&#8220;Physische und digitale Archivierung&#8220; _builder_version=&#8220;4.25.0&#8243; _dynamic_attributes=&#8220;link_option_url&#8220; _module_preset=&#8220;d907582d-6388-433a-b535-78dce220b23e&#8220; background_image=&#8220;https:\/\/staging.pelichet.ch\/wp-content\/uploads\/2025\/03\/Pelichet-Services-Physical-Digital-Archiving.jpg&#8220; link_option_url=&#8220;@ET-DC@eyJkeW5hbWljIjp0cnVlLCJjb250ZW50IjoicG9zdF9saW5rX3VybF9wYWdlIiwic2V0dGluZ3MiOnsicG9zdF9pZCI6IjIyOTk2MzIxIn19@&#8220; hover_enabled=&#8220;0&#8243; global_colors_info=&#8220;{}&#8220; title_text=&#8220;Pelichet-Services-Physical-Digital-Archiving&#8220; sticky_enabled=&#8220;0&#8243; background_position=&#8220;top_center&#8220;]<\/p>\n<p><span>Hilfsmittel<\/span><span> der neuesten Generation zur Sicherung und Aufwertung von Archiven und Best\u00e4nden<\/span><span>.<\/span><\/p>\n<p>[\/et_pb_blurb][\/et_pb_column][\/et_pb_row][et_pb_row column_structure=&#8220;1_4,1_4,1_4,1_4&#8243; use_custom_gutter=&#8220;on&#8220; gutter_width=&#8220;2&#8243; make_equal=&#8220;on&#8220; custom_padding_last_edited=&#8220;on|desktop&#8220; _builder_version=&#8220;4.21.0&#8243; _module_preset=&#8220;_initial&#8220; custom_padding=&#8220;0px||0px||false|false&#8220; custom_padding_tablet=&#8220;||0px||false|false&#8220; custom_padding_phone=&#8220;||0px||false|false&#8220; global_colors_info=&#8220;{}&#8220;][et_pb_column type=&#8220;1_4&#8243; _builder_version=&#8220;4.21.0&#8243; _module_preset=&#8220;default&#8220; animation_style=&#8220;fade&#8220; global_colors_info=&#8220;{}&#8220;][et_pb_blurb title=&#8220;Umquartierung von Mitarbeitenden&#8220; alt=&#8220;Pelichet, Umzugsservice&#8220; _builder_version=&#8220;4.25.0&#8243; _dynamic_attributes=&#8220;link_option_url&#8220; _module_preset=&#8220;d907582d-6388-433a-b535-78dce220b23e&#8220; background_image=&#8220;https:\/\/staging.pelichet.ch\/wp-content\/uploads\/2024\/07\/pelichet-service-relocation.webp&#8220; link_option_url=&#8220;@ET-DC@eyJkeW5hbWljIjp0cnVlLCJjb250ZW50IjoicG9zdF9saW5rX3VybF9wYWdlIiwic2V0dGluZ3MiOnsicG9zdF9pZCI6IjIyOTkyMDM0In19@&#8220; global_colors_info=&#8220;{}&#8220;]<\/p>\n<p><span>Ein umfassendes Management von A bis Z der Mobilit\u00e4t <\/span><span>Ihrer<\/span><span> Mitarbeitenden<\/span><span>.<\/span><\/p>\n<p>[\/et_pb_blurb][\/et_pb_column][et_pb_column type=&#8220;1_4&#8243; _builder_version=&#8220;4.21.0&#8243; _module_preset=&#8220;default&#8220; animation_style=&#8220;fade&#8220; global_colors_info=&#8220;{}&#8220;][et_pb_blurb title=&#8220;Umzug von B\u00fcror\u00e4umen&#8220; alt=&#8220;Transfer von B\u00fcros, Standorten und Industrieanlagen&#8220; _builder_version=&#8220;4.25.0&#8243; _dynamic_attributes=&#8220;link_option_url&#8220; _module_preset=&#8220;d907582d-6388-433a-b535-78dce220b23e&#8220; background_image=&#8220;https:\/\/staging.pelichet.ch\/wp-content\/uploads\/2024\/07\/transfert-demenagement-bureau-entreprise-professionnel-pelichet-suisse-1.webp&#8220; link_option_url=&#8220;@ET-DC@eyJkeW5hbWljIjp0cnVlLCJjb250ZW50IjoicG9zdF9saW5rX3VybF9wYWdlIiwic2V0dGluZ3MiOnsicG9zdF9pZCI6IjIyOTkyMDMwIn19@&#8220; global_colors_info=&#8220;{}&#8220;]<\/p>\n<p>Raumoptimierung durch umweltbewussten Umzug Ihrer B\u00fcros.<\/p>\n<p>[\/et_pb_blurb][\/et_pb_column][et_pb_column type=&#8220;1_4&#8243; _builder_version=&#8220;4.21.0&#8243; _module_preset=&#8220;default&#8220; animation_style=&#8220;fade&#8220; global_colors_info=&#8220;{}&#8220;][et_pb_blurb title=&#8220;M\u00f6beleinlagerung&#8220; _builder_version=&#8220;4.25.0&#8243; _dynamic_attributes=&#8220;link_option_url&#8220; _module_preset=&#8220;d907582d-6388-433a-b535-78dce220b23e&#8220; background_image=&#8220;https:\/\/staging.pelichet.ch\/wp-content\/uploads\/2024\/07\/garde-meuble.webp&#8220; link_option_url=&#8220;@ET-DC@eyJkeW5hbWljIjp0cnVlLCJjb250ZW50IjoicG9zdF9saW5rX3VybF9wYWdlIiwic2V0dGluZ3MiOnsicG9zdF9pZCI6IjIyOTkxODY1In19@&#8220; global_colors_info=&#8220;{}&#8220;]<\/p>\n<p><span>Hochgesicherte <\/span><span>Lager<\/span><span>, in denen Ihr Eigentum <\/span><span>sicher<\/span><span> aufbewahrt wird<\/span><span>.<\/span><\/p>\n<p>[\/et_pb_blurb][\/et_pb_column][et_pb_column type=&#8220;1_4&#8243; _builder_version=&#8220;4.21.0&#8243; _module_preset=&#8220;default&#8220; animation_style=&#8220;fade&#8220; global_colors_info=&#8220;{}&#8220;][et_pb_blurb title=&#8220;Fahrzeug\u00fcberf\u00fchrung&#8220; _builder_version=&#8220;4.25.0&#8243; _dynamic_attributes=&#8220;link_option_url&#8220; _module_preset=&#8220;d907582d-6388-433a-b535-78dce220b23e&#8220; background_image=&#8220;https:\/\/staging.pelichet.ch\/wp-content\/uploads\/2024\/07\/transfert-de-vehicule.webp&#8220; link_option_url=&#8220;@ET-DC@eyJkeW5hbWljIjp0cnVlLCJjb250ZW50IjoicG9zdF9saW5rX3VybF9wYWdlIiwic2V0dGluZ3MiOnsicG9zdF9pZCI6IjIyOTkxOTIxIn19@&#8220; global_colors_info=&#8220;{}&#8220;]<\/p>\n<p><span>Individuelle<\/span><span> L\u00f6sungen f\u00fcr den Transport Ihrer <\/span><span>wertvollen<\/span><span> pers\u00f6nlichen Fahrzeuge<\/span><span>.<\/span><\/p>\n<p>[\/et_pb_blurb][\/et_pb_column][\/et_pb_row][\/et_pb_section][et_pb_section fb_built=&#8220;1&#8243; custom_padding_last_edited=&#8220;on|phone&#8220; admin_label=&#8220;Video&#8220; module_class=&#8220;full-width-video&#8220; _builder_version=&#8220;4.21.0&#8243; _module_preset=&#8220;_initial&#8220; background_color=&#8220;#000000&#8243; custom_padding=&#8220;0px||0px||false|false&#8220; custom_padding_tablet=&#8220;0px||0px||false|false&#8220; custom_padding_phone=&#8220;0px||0px||false|false&#8220; global_colors_info=&#8220;{}&#8220;][et_pb_row _builder_version=&#8220;4.21.0&#8243; _module_preset=&#8220;_initial&#8220; width=&#8220;100%&#8220; max_width=&#8220;100%&#8220; custom_padding=&#8220;0px||0px||false|false&#8220; global_colors_info=&#8220;{}&#8220;][et_pb_column type=&#8220;4_4&#8243; _builder_version=&#8220;4.21.0&#8243; _module_preset=&#8220;default&#8220; global_colors_info=&#8220;{}&#8220;][et_pb_video src=&#8220;https:\/\/staging.pelichet-relocation.com\/wp-content\/uploads\/2024\/07\/MASTER-PELICHET-VID-CORPO-FINAL-DE-UHD.mp4&#8243; image_src=&#8220;https:\/\/staging.pelichet.ch\/wp-content\/uploads\/2024\/07\/PELICHET-VIGNETTE-VID-GLOBALE.webp&#8220; play_icon_color=&#8220;#FFFFFF&#8220; font_icon=&#8220;&#x49;||divi||400&#8243; thumbnail_overlay_color=&#8220;rgba(0,0,0,0.3)&#8220; _builder_version=&#8220;4.25.0&#8243; _module_preset=&#8220;default&#8220; global_colors_info=&#8220;{}&#8220; play_icon_color__hover_enabled=&#8220;on|desktop&#8220; play_icon_color__hover=&#8220;#F27C21&#8243;][\/et_pb_video][\/et_pb_column][\/et_pb_row][\/et_pb_section][et_pb_section fb_built=&#8220;1&#8243; custom_padding_last_edited=&#8220;on|phone&#8220; admin_label=&#8220;Timeline&#8220; _builder_version=&#8220;4.21.0&#8243; _module_preset=&#8220;_initial&#8220; custom_padding=&#8220;99px||80px||false|false&#8220; custom_padding_tablet=&#8220;79px||80px||false|false&#8220; custom_padding_phone=&#8220;59px||80px||false|false&#8220; global_colors_info=&#8220;{}&#8220;][et_pb_row _builder_version=&#8220;4.21.0&#8243; _module_preset=&#8220;_initial&#8220; width=&#8220;95%&#8220; width_tablet=&#8220;100%&#8220; width_phone=&#8220;100%&#8220; width_last_edited=&#8220;on|desktop&#8220; max_width=&#8220;2560px&#8220; custom_padding=&#8220;0px||0px||false|false&#8220; animation_style=&#8220;fade&#8220; global_colors_info=&#8220;{}&#8220;][et_pb_column type=&#8220;4_4&#8243; _builder_version=&#8220;4.21.0&#8243; _module_preset=&#8220;default&#8220; global_colors_info=&#8220;{}&#8220;][et_pb_text _builder_version=&#8220;4.21.0&#8243; _module_preset=&#8220;_initial&#8220; custom_margin=&#8220;||24px||false|false&#8220; global_colors_info=&#8220;{}&#8220;]<\/p>\n<h2 style=\"text-align: center;\"><strong>Eine Geschichte von Spitzenleistungen<\/strong><\/h2>\n<p>[\/et_pb_text][dipi_horizontal_timeline show_card_arrow=&#8220;off&#8220; space_between=&#8220;40&#8243; container_padding=&#8220;0px||60px||false|false&#8220; show_lightbox=&#8220;off&#8220; navigation=&#8220;on&#8220; dynamic_bullets=&#8220;off&#8220; layout=&#8220;top&#8220; timeline_line_style=&#8220;dotted&#8220; timeline_line_color=&#8220;#aaaaaa&#8220; use_active_line=&#8220;off&#8220; navigation_prev_icon_yn=&#8220;on&#8220; navigation_prev_icon=&#8220;&#xf104;||fa||900&#8243; navigation_next_icon_yn=&#8220;on&#8220; navigation_next_icon=&#8220;&#xf105;||fa||900&#8243; navigation_color=&#8220;#000000&#8243; navigation_bg_color=&#8220;#FFFFFF&#8220; navigation_circle=&#8220;on&#8220; navigation_position_left=&#8220;5px&#8220; navigation_position_right=&#8220;5px&#8220; columns_tablet=&#8220;2&#8243; columns_phone=&#8220;1&#8243; columns_last_edited=&#8220;on|desktop&#8220; space_between_tablet=&#8220;30&#8243; space_between_phone=&#8220;20&#8243; space_between_last_edited=&#8220;on|tablet&#8220; container_padding_tablet=&#8220;0px||60px||false|false&#8220; container_padding_phone=&#8220;0px||60px||false|false&#8220; container_padding_last_edited=&#8220;on|desktop&#8220; layout_tablet=&#8220;top&#8220; layout_phone=&#8220;top&#8220; layout_last_edited=&#8220;on|desktop&#8220; line_area_size_tablet=&#8220;80px&#8220; line_area_size_phone=&#8220;80px&#8220; line_area_size_last_edited=&#8220;on|desktop&#8220; navigation_position_left_tablet=&#8220;20px&#8220; navigation_position_left_phone=&#8220;20px&#8220; navigation_position_left_last_edited=&#8220;on|desktop&#8220; navigation_position_right_tablet=&#8220;20px&#8220; navigation_position_right_phone=&#8220;20px&#8220; navigation_position_right_last_edited=&#8220;on|desktop&#8220; _builder_version=&#8220;4.25.0&#8243; _module_preset=&#8220;default&#8220; desc_text_color=&#8220;#000000&#8243; desc_font_size=&#8220;1.5em&#8220; desc_line_height=&#8220;1.38em&#8220; ribbon_text_color=&#8220;rgba(0,0,0,0.4)&#8220; custom_css_navigation=&#8220;top: 40%;||box-shadow: 0 5px 30px #00000020;&#8220; global_colors_info=&#8220;{}&#8220; navigation_color__hover_enabled=&#8220;on|hover&#8220; navigation_color__hover=&#8220;#F27C21&#8243;][dipi_horizontal_timeline_item ribbon=&#8220;1891&#8243; timeline_icon=&#8220;&#xf024;||fa||900&#8243; timeline_icon_color=&#8220;#FFFFFF&#8220; ribbon_circle_color=&#8220;#aaaaaa&#8220; ribbon_use_icon_font_size=&#8220;on&#8220; timeline_icon_font_size=&#8220;14px&#8220; ribbon_text_bgcolor=&#8220;RGBA(255,255,255,0)&#8220; image=&#8220;https:\/\/staging.pelichet-relocation.com\/wp-content\/uploads\/2024\/07\/Creation-la-genevoise-Albert-Pelichet2.webp&#8220; icon_image_margin=&#8220;0px|0px|0px|0px|false|false&#8220; card_padding=&#8220;0px|0px|0px|0px|true|true&#8220; ribbon_text_margin=&#8220;15px||||false|false&#8220; ribbon_text_padding=&#8220;0px|0px|0px|0px|true|true&#8220; _builder_version=&#8220;4.25.0&#8243; _module_preset=&#8220;default&#8220; header_text_align=&#8220;center&#8220; header_text_color=&#8220;#000000&#8243; header_font_size=&#8220;1.5em&#8220; body_text_align=&#8220;center&#8220; body_text_color=&#8220;#000000&#8243; body_font_size=&#8220;1.5em&#8220; body_line_height=&#8220;1.38em&#8220; ribbon_text_text_color=&#8220;#aaaaaa&#8220; ribbon_text_font_size=&#8220;2.81em&#8220; background_color=&#8220;RGBA(255,255,255,0)&#8220; background_enable_color=&#8220;on&#8220; custom_css_timeline_item_content=&#8220;margin-top: -225px;||padding-top: 200px;||background-image: linear-gradient(180deg, rgba(255,255,255,0) 40%, rgba(255,255,255,1) 90%);&#8220; border_radii_image=&#8220;on|8px|8px|8px|8px&#8220; global_colors_info=&#8220;{}&#8220; timeline_icon_color__hover_enabled=&#8220;off|desktop&#8220; ribbon_circle_color__hover_enabled=&#8220;on|desktop&#8220; ribbon_circle_color__hover=&#8220;#aaaaaa&#8220;]<\/p>\n<p><strong>Gr\u00fcndung von \u00abLa Genevoise\u00bb<br \/>durch Albert Pelichet<\/strong><\/p>\n<p>[\/dipi_horizontal_timeline_item][dipi_horizontal_timeline_item ribbon=&#8220;1945&#8243; timeline_icon=&#8220;&#xf024;||fa||900&#8243; timeline_icon_color=&#8220;#FFFFFF&#8220; ribbon_circle_color=&#8220;#aaaaaa&#8220; ribbon_use_icon_font_size=&#8220;on&#8220; timeline_icon_font_size=&#8220;14px&#8220; ribbon_text_bgcolor=&#8220;RGBA(255,255,255,0)&#8220; image=&#8220;https:\/\/staging.pelichet-relocation.com\/wp-content\/uploads\/2024\/07\/Nations-unis2-1.webp&#8220; icon_image_margin=&#8220;0px|0px|0px|0px|false|false&#8220; card_padding=&#8220;0px|0px|0px|0px|true|true&#8220; ribbon_text_margin=&#8220;15px||||false|false&#8220; ribbon_text_padding=&#8220;0px|0px|0px|0px|true|true&#8220; _builder_version=&#8220;4.25.0&#8243; _module_preset=&#8220;default&#8220; header_text_align=&#8220;center&#8220; header_text_color=&#8220;#000000&#8243; header_font_size=&#8220;1.5em&#8220; body_text_align=&#8220;center&#8220; body_text_color=&#8220;#000000&#8243; body_font_size=&#8220;1.5em&#8220; body_line_height=&#8220;1.38em&#8220; ribbon_text_text_color=&#8220;#aaaaaa&#8220; ribbon_text_font_size=&#8220;2.81em&#8220; background_color=&#8220;RGBA(255,255,255,0)&#8220; background_enable_color=&#8220;on&#8220; custom_css_timeline_item_content=&#8220;margin-top: -225px;||padding-top: 200px;||background-image: linear-gradient(180deg, rgba(255,255,255,0) 40%, rgba(255,255,255,1) 90%);&#8220; border_radii_image=&#8220;on|8px|8px|8px|8px&#8220; global_colors_info=&#8220;{}&#8220; ribbon_circle_color__hover_enabled=&#8220;on|desktop&#8220; ribbon_circle_color__hover=&#8220;#aaaaaa&#8220;]<\/p>\n<p><strong>Einzug der<br \/>VereintenNationen<\/strong><\/p>\n<p>[\/dipi_horizontal_timeline_item][dipi_horizontal_timeline_item ribbon=&#8220;1950&#8243; timeline_icon=&#8220;&#xf024;||fa||900&#8243; timeline_icon_color=&#8220;#FFFFFF&#8220; ribbon_circle_color=&#8220;#aaaaaa&#8220; ribbon_use_icon_font_size=&#8220;on&#8220; timeline_icon_font_size=&#8220;14px&#8220; ribbon_text_bgcolor=&#8220;RGBA(255,255,255,0)&#8220; image=&#8220;https:\/\/staging.pelichet-relocation.com\/wp-content\/uploads\/2024\/07\/USA2.webp&#8220; icon_image_margin=&#8220;0px|0px|0px|0px|false|false&#8220; card_padding=&#8220;0px|0px|0px|0px|true|true&#8220; ribbon_text_margin=&#8220;15px||||false|false&#8220; ribbon_text_padding=&#8220;0px|0px|0px|0px|true|true&#8220; _builder_version=&#8220;4.25.0&#8243; _module_preset=&#8220;default&#8220; header_text_align=&#8220;center&#8220; header_text_color=&#8220;#000000&#8243; header_font_size=&#8220;1.5em&#8220; body_text_align=&#8220;center&#8220; body_text_color=&#8220;#000000&#8243; body_font_size=&#8220;1.5em&#8220; body_line_height=&#8220;1.38em&#8220; ribbon_text_text_color=&#8220;#aaaaaa&#8220; ribbon_text_font_size=&#8220;2.81em&#8220; background_color=&#8220;RGBA(255,255,255,0)&#8220; background_enable_color=&#8220;on&#8220; custom_css_timeline_item_content=&#8220;margin-top: -225px;||padding-top: 200px;||background-image: linear-gradient(180deg, rgba(255,255,255,0) 40%, rgba(255,255,255,1) 90%);&#8220; border_radii_image=&#8220;on|8px|8px|8px|8px&#8220; global_colors_info=&#8220;{}&#8220; ribbon_circle_color__hover_enabled=&#8220;on|desktop&#8220; ribbon_circle_color__hover=&#8220;#aaaaaa&#8220;]<\/p>\n<p><strong>Pelichet in<br \/>den USA<\/strong><\/p>\n<p>[\/dipi_horizontal_timeline_item][dipi_horizontal_timeline_item ribbon=&#8220;1975&#8243; timeline_icon=&#8220;&#xf024;||fa||900&#8243; timeline_icon_color=&#8220;#FFFFFF&#8220; ribbon_circle_color=&#8220;#aaaaaa&#8220; ribbon_use_icon_font_size=&#8220;on&#8220; timeline_icon_font_size=&#8220;14px&#8220; ribbon_text_bgcolor=&#8220;RGBA(255,255,255,0)&#8220; image=&#8220;https:\/\/staging.pelichet-relocation.com\/wp-content\/uploads\/2024\/07\/developpement-international.webp&#8220; icon_image_margin=&#8220;0px|0px|0px|0px|false|false&#8220; card_padding=&#8220;0px|0px|0px|0px|true|true&#8220; ribbon_text_margin=&#8220;15px||||false|false&#8220; ribbon_text_padding=&#8220;0px|0px|0px|0px|true|true&#8220; _builder_version=&#8220;4.25.0&#8243; _module_preset=&#8220;default&#8220; header_text_align=&#8220;center&#8220; header_text_color=&#8220;#000000&#8243; header_font_size=&#8220;1.5em&#8220; body_text_align=&#8220;center&#8220; body_text_color=&#8220;#000000&#8243; body_font_size=&#8220;1.5em&#8220; body_line_height=&#8220;1.38em&#8220; ribbon_text_text_color=&#8220;#aaaaaa&#8220; ribbon_text_font_size=&#8220;2.81em&#8220; background_color=&#8220;RGBA(255,255,255,0)&#8220; background_enable_color=&#8220;on&#8220; custom_css_timeline_item_content=&#8220;margin-top: -225px;||padding-top: 200px;||background-image: linear-gradient(180deg, rgba(255,255,255,0) 40%, rgba(255,255,255,1) 90%);&#8220; border_radii_image=&#8220;on|8px|8px|8px|8px&#8220; global_colors_info=&#8220;{}&#8220; ribbon_circle_color__hover_enabled=&#8220;on|desktop&#8220; ribbon_circle_color__hover=&#8220;#aaaaaa&#8220;]<\/p>\n<p><strong>Entwicklung auf<br \/>internationaler Ebene<\/strong><\/p>\n<p>[\/dipi_horizontal_timeline_item][dipi_horizontal_timeline_item ribbon=&#8220;1995&#8243; timeline_icon=&#8220;&#xf024;||fa||900&#8243; timeline_icon_color=&#8220;#FFFFFF&#8220; ribbon_circle_color=&#8220;#aaaaaa&#8220; ribbon_use_icon_font_size=&#8220;on&#8220; timeline_icon_font_size=&#8220;14px&#8220; ribbon_text_bgcolor=&#8220;RGBA(255,255,255,0)&#8220; image=&#8220;https:\/\/staging.pelichet-relocation.com\/wp-content\/uploads\/2024\/07\/Presence10-Pays-Asie.webp&#8220; icon_image_margin=&#8220;0px|0px|0px|0px|false|false&#8220; card_padding=&#8220;0px|0px|0px|0px|true|true&#8220; ribbon_text_margin=&#8220;15px||||false|false&#8220; ribbon_text_padding=&#8220;0px|0px|0px|0px|true|true&#8220; _builder_version=&#8220;4.25.0&#8243; _module_preset=&#8220;default&#8220; header_text_align=&#8220;center&#8220; header_text_color=&#8220;#000000&#8243; header_font_size=&#8220;1.5em&#8220; body_text_align=&#8220;center&#8220; body_text_color=&#8220;#000000&#8243; body_font_size=&#8220;1.5em&#8220; body_line_height=&#8220;1.38em&#8220; ribbon_text_text_color=&#8220;#aaaaaa&#8220; ribbon_text_font_size=&#8220;2.81em&#8220; background_color=&#8220;RGBA(255,255,255,0)&#8220; background_enable_color=&#8220;on&#8220; custom_css_timeline_item_content=&#8220;margin-top: -225px;||padding-top: 200px;||background-image: linear-gradient(180deg, rgba(255,255,255,0) 40%, rgba(255,255,255,1) 90%);&#8220; border_radii_image=&#8220;on|8px|8px|8px|8px&#8220; global_colors_info=&#8220;{}&#8220; ribbon_circle_color__hover_enabled=&#8220;on|desktop&#8220; ribbon_circle_color__hover=&#8220;#aaaaaa&#8220;]<\/p>\n<p><strong>Pr\u00e4senz in mehr als<br \/>10 asiatischen L\u00e4ndern<\/strong><\/p>\n<p>[\/dipi_horizontal_timeline_item][dipi_horizontal_timeline_item ribbon=&#8220;2011&#8243; timeline_icon=&#8220;&#xf024;||fa||900&#8243; timeline_icon_color=&#8220;#FFFFFF&#8220; ribbon_circle_color=&#8220;#aaaaaa&#8220; ribbon_use_icon_font_size=&#8220;on&#8220; timeline_icon_font_size=&#8220;14px&#8220; ribbon_text_bgcolor=&#8220;RGBA(255,255,255,0)&#8220; image=&#8220;https:\/\/staging.pelichet-relocation.com\/wp-content\/uploads\/2024\/07\/mobilitas_group.webp&#8220; alt=&#8220;Pelichet wird Teil der Mobilitas Gruppe&#8220; icon_image_margin=&#8220;0px|0px|0px|0px|false|false&#8220; card_padding=&#8220;0px|0px|0px|0px|true|true&#8220; ribbon_text_margin=&#8220;15px||||false|false&#8220; ribbon_text_padding=&#8220;0px|0px|0px|0px|true|true&#8220; _builder_version=&#8220;4.25.0&#8243; _module_preset=&#8220;default&#8220; header_text_align=&#8220;center&#8220; header_text_color=&#8220;#000000&#8243; header_font_size=&#8220;1.5em&#8220; body_text_align=&#8220;center&#8220; body_text_color=&#8220;#000000&#8243; body_font_size=&#8220;1.5em&#8220; body_line_height=&#8220;1.38em&#8220; ribbon_text_text_color=&#8220;#aaaaaa&#8220; ribbon_text_font_size=&#8220;2.81em&#8220; background_color=&#8220;RGBA(255,255,255,0)&#8220; background_enable_color=&#8220;on&#8220; custom_css_timeline_item_content=&#8220;margin-top: -225px;||padding-top: 200px;||background-image: linear-gradient(180deg, rgba(255,255,255,0) 40%, rgba(255,255,255,1) 90%);&#8220; border_radii_image=&#8220;on|8px|8px|8px|8px&#8220; global_colors_info=&#8220;{}&#8220; ribbon_circle_color__hover_enabled=&#8220;on|desktop&#8220; ribbon_circle_color__hover=&#8220;#aaaaaa&#8220;]<\/p>\n<p><strong>Pelichet wird Teil der<br \/>Mobilitas Gruppe<\/strong><\/p>\n<p>[\/dipi_horizontal_timeline_item][dipi_horizontal_timeline_item ribbon=&#8220;2013&#8243; timeline_icon=&#8220;&#xf024;||fa||900&#8243; timeline_icon_color=&#8220;#FFFFFF&#8220; ribbon_circle_color=&#8220;#aaaaaa&#8220; ribbon_use_icon_font_size=&#8220;on&#8220; timeline_icon_font_size=&#8220;14px&#8220; ribbon_text_bgcolor=&#8220;RGBA(255,255,255,0)&#8220; image=&#8220;https:\/\/staging.pelichet-relocation.com\/wp-content\/uploads\/2024\/07\/Pelichet_vernier_HQ.webp&#8220; icon_image_margin=&#8220;0px|0px|0px|0px|false|false&#8220; card_padding=&#8220;0px|0px|0px|0px|true|true&#8220; ribbon_text_margin=&#8220;15px||||false|false&#8220; ribbon_text_padding=&#8220;0px|0px|0px|0px|true|true&#8220; _builder_version=&#8220;4.25.0&#8243; _module_preset=&#8220;default&#8220; header_text_align=&#8220;center&#8220; header_text_color=&#8220;#000000&#8243; header_font_size=&#8220;1.5em&#8220; body_text_align=&#8220;center&#8220; body_text_color=&#8220;#000000&#8243; body_font_size=&#8220;1.5em&#8220; body_line_height=&#8220;1.38em&#8220; ribbon_text_text_color=&#8220;#aaaaaa&#8220; ribbon_text_font_size=&#8220;2.81em&#8220; background_color=&#8220;RGBA(255,255,255,0)&#8220; background_enable_color=&#8220;on&#8220; custom_css_timeline_item_content=&#8220;margin-top: -225px;||padding-top: 200px;||background-image: linear-gradient(180deg, rgba(255,255,255,0) 40%, rgba(255,255,255,1) 90%);&#8220; border_radii_image=&#8220;on|8px|8px|8px|8px&#8220; global_colors_info=&#8220;{}&#8220; ribbon_circle_color__hover_enabled=&#8220;on|desktop&#8220; ribbon_circle_color__hover=&#8220;#aaaaaa&#8220;]<\/p>\n<p><strong>Er\u00f6ffnung des Hauptsitzes<br \/>in Vernier<\/strong><\/p>\n<p>[\/dipi_horizontal_timeline_item][dipi_horizontal_timeline_item ribbon=&#8220;2015&#8243; timeline_icon=&#8220;&#xf024;||fa||900&#8243; timeline_icon_color=&#8220;#FFFFFF&#8220; ribbon_circle_color=&#8220;#aaaaaa&#8220; ribbon_use_icon_font_size=&#8220;on&#8220; timeline_icon_font_size=&#8220;14px&#8220; ribbon_text_bgcolor=&#8220;RGBA(255,255,255,0)&#8220; image=&#8220;https:\/\/staging.pelichet-relocation.com\/wp-content\/uploads\/2024\/07\/pelichet.webp&#8220; icon_image_margin=&#8220;0px|0px|0px|0px|false|false&#8220; card_padding=&#8220;0px|0px|0px|0px|true|true&#8220; ribbon_text_margin=&#8220;15px||||false|false&#8220; ribbon_text_padding=&#8220;0px|0px|0px|0px|true|true&#8220; _builder_version=&#8220;4.21.0&#8243; _module_preset=&#8220;default&#8220; header_text_align=&#8220;center&#8220; header_text_color=&#8220;#000000&#8243; header_font_size=&#8220;1.5em&#8220; body_text_align=&#8220;center&#8220; body_text_color=&#8220;#000000&#8243; body_font_size=&#8220;1.5em&#8220; body_line_height=&#8220;1.38em&#8220; ribbon_text_text_color=&#8220;#aaaaaa&#8220; ribbon_text_font_size=&#8220;2.81em&#8220; background_color=&#8220;RGBA(255,255,255,0)&#8220; background_enable_color=&#8220;on&#8220; custom_css_timeline_item_content=&#8220;margin-top: -225px;||padding-top: 200px;||background-image: linear-gradient(180deg, rgba(255,255,255,0) 40%, rgba(255,255,255,1) 90%);&#8220; border_radii_image=&#8220;on|8px|8px|8px|8px&#8220; global_colors_info=&#8220;{}&#8220; ribbon_circle_color__hover_enabled=&#8220;on|desktop&#8220; ribbon_circle_color__hover=&#8220;#aaaaaa&#8220;]<\/p>\n<p><strong><span style=\"color: #333f50;\">Ansiedlung der<br \/>Uhrenmanufaktur PLO<\/span><\/strong><\/p>\n<p>[\/dipi_horizontal_timeline_item][dipi_horizontal_timeline_item ribbon=&#8220;2021&#8243; timeline_icon=&#8220;&#xf024;||fa||900&#8243; timeline_icon_color=&#8220;#FFFFFF&#8220; ribbon_circle_color=&#8220;#aaaaaa&#8220; ribbon_use_icon_font_size=&#8220;on&#8220; timeline_icon_font_size=&#8220;14px&#8220; ribbon_text_bgcolor=&#8220;RGBA(255,255,255,0)&#8220; image=&#8220;https:\/\/staging.pelichet-relocation.com\/wp-content\/uploads\/2024\/07\/pelichet_vaud_orbe.webp&#8220; icon_image_margin=&#8220;0px|0px|0px|0px|false|false&#8220; card_padding=&#8220;0px|0px|0px|0px|true|true&#8220; ribbon_text_margin=&#8220;15px||||false|false&#8220; ribbon_text_padding=&#8220;0px|0px|0px|0px|true|true&#8220; _builder_version=&#8220;4.21.0&#8243; _module_preset=&#8220;default&#8220; header_text_align=&#8220;center&#8220; header_text_color=&#8220;#000000&#8243; header_font_size=&#8220;1.5em&#8220; body_text_align=&#8220;center&#8220; body_text_color=&#8220;#000000&#8243; body_font_size=&#8220;1.5em&#8220; body_line_height=&#8220;1.38em&#8220; ribbon_text_text_color=&#8220;#aaaaaa&#8220; ribbon_text_font_size=&#8220;2.81em&#8220; background_color=&#8220;RGBA(255,255,255,0)&#8220; background_enable_color=&#8220;on&#8220; custom_css_timeline_item_content=&#8220;margin-top: -225px;||padding-top: 200px;||background-image: linear-gradient(180deg, rgba(255,255,255,0) 40%, rgba(255,255,255,1) 90%);&#8220; border_radii_image=&#8220;on|8px|8px|8px|8px&#8220; global_colors_info=&#8220;{}&#8220; ribbon_circle_color__hover_enabled=&#8220;on|desktop&#8220; ribbon_circle_color__hover=&#8220;#aaaaaa&#8220;]<\/p>\n<p><strong>Er\u00f6ffnung der Pelichet <br \/>Agentur in Orbe<\/strong><\/p>\n<p>[\/dipi_horizontal_timeline_item][dipi_horizontal_timeline_item ribbon=&#8220;2022&#8243; timeline_icon=&#8220;&#xf024;||fa||900&#8243; timeline_icon_color=&#8220;#FFFFFF&#8220; ribbon_circle_color=&#8220;#aaaaaa&#8220; ribbon_use_icon_font_size=&#8220;on&#8220; timeline_icon_font_size=&#8220;14px&#8220; ribbon_text_bgcolor=&#8220;RGBA(255,255,255,0)&#8220; image=&#8220;https:\/\/staging.pelichet-relocation.com\/wp-content\/uploads\/2024\/07\/pelichet_archivage_physique_numerique.webp&#8220; icon_image_margin=&#8220;0px|0px|0px|0px|false|false&#8220; card_padding=&#8220;0px|0px|0px|0px|true|true&#8220; ribbon_text_margin=&#8220;15px||||false|false&#8220; ribbon_text_padding=&#8220;0px|0px|0px|0px|true|true&#8220; _builder_version=&#8220;4.21.0&#8243; _module_preset=&#8220;default&#8220; header_text_align=&#8220;center&#8220; header_text_color=&#8220;#000000&#8243; header_font_size=&#8220;1.5em&#8220; body_text_align=&#8220;center&#8220; body_text_color=&#8220;#000000&#8243; body_font_size=&#8220;1.5em&#8220; body_line_height=&#8220;1.38em&#8220; ribbon_text_text_color=&#8220;#aaaaaa&#8220; ribbon_text_font_size=&#8220;2.81em&#8220; background_color=&#8220;RGBA(255,255,255,0)&#8220; background_enable_color=&#8220;on&#8220; custom_css_timeline_item_content=&#8220;margin-top: -225px;||padding-top: 200px;||background-image: linear-gradient(180deg, rgba(255,255,255,0) 40%, rgba(255,255,255,1) 90%);&#8220; border_radii_image=&#8220;on|8px|8px|8px|8px&#8220; global_colors_info=&#8220;{}&#8220; ribbon_circle_color__hover_enabled=&#8220;on|desktop&#8220; ribbon_circle_color__hover=&#8220;#aaaaaa&#8220;]<\/p>\n<p><strong>Er\u00f6ffnung von <br \/>Pelichet Archivage<\/strong><\/p>\n<p>[\/dipi_horizontal_timeline_item][dipi_horizontal_timeline_item ribbon=&#8220;2023&#8243; timeline_icon=&#8220;&#xf024;||fa||900&#8243; timeline_icon_color=&#8220;#FFFFFF&#8220; ribbon_circle_color=&#8220;#aaaaaa&#8220; ribbon_use_icon_font_size=&#8220;on&#8220; timeline_icon_font_size=&#8220;14px&#8220; ribbon_text_bgcolor=&#8220;RGBA(255,255,255,0)&#8220; image=&#8220;https:\/\/staging.pelichet-relocation.com\/wp-content\/uploads\/2024\/07\/trophee-rse-pelichet-ccifs.webp&#8220; icon_image_margin=&#8220;0px|0px|0px|0px|false|false&#8220; card_padding=&#8220;0px|0px|0px|0px|true|true&#8220; ribbon_text_margin=&#8220;15px||||false|false&#8220; ribbon_text_padding=&#8220;0px|0px|0px|0px|true|true&#8220; _builder_version=&#8220;4.25.0&#8243; _module_preset=&#8220;default&#8220; header_text_align=&#8220;center&#8220; header_text_color=&#8220;#000000&#8243; header_font_size=&#8220;1.5em&#8220; body_text_align=&#8220;center&#8220; body_text_color=&#8220;#000000&#8243; body_font_size=&#8220;1.5em&#8220; body_line_height=&#8220;1.38em&#8220; ribbon_text_text_color=&#8220;#aaaaaa&#8220; ribbon_text_font_size=&#8220;2.81em&#8220; background_color=&#8220;RGBA(255,255,255,0)&#8220; background_enable_color=&#8220;on&#8220; custom_css_timeline_item_content=&#8220;margin-top: -225px;||padding-top: 200px;||background-image: linear-gradient(180deg, rgba(255,255,255,0) 40%, rgba(255,255,255,1) 90%);&#8220; border_radii_image=&#8220;on|8px|8px|8px|8px&#8220; global_colors_info=&#8220;{}&#8220; ribbon_circle_color__hover_enabled=&#8220;on|desktop&#8220; ribbon_circle_color__hover=&#8220;#aaaaaa&#8220;]<\/p>\n<p><strong>Pelichet gewinnt den<br \/>CSR-Preis der CCIFS<\/strong><\/p>\n<p>[\/dipi_horizontal_timeline_item][\/dipi_horizontal_timeline][\/et_pb_column][\/et_pb_row][\/et_pb_section][et_pb_section fb_built=&#8220;1&#8243; custom_padding_last_edited=&#8220;on|phone&#8220; admin_label=&#8220;Testimonials &#038; News&#8220; _builder_version=&#8220;4.21.0&#8243; _module_preset=&#8220;_initial&#8220; custom_padding=&#8220;20px||||false|false&#8220; custom_padding_tablet=&#8220;20px||||false|false&#8220; custom_padding_phone=&#8220;0px||||false|false&#8220; global_colors_info=&#8220;{}&#8220;][et_pb_row admin_label=&#8220;Social values &#8211; title&#8220; _builder_version=&#8220;4.21.0&#8243; _module_preset=&#8220;_initial&#8220; custom_margin=&#8220;||||false|false&#8220; custom_padding=&#8220;0px||24px||false|false&#8220; global_colors_info=&#8220;{}&#8220;][et_pb_column type=&#8220;4_4&#8243; _builder_version=&#8220;4.21.0&#8243; _module_preset=&#8220;default&#8220; global_colors_info=&#8220;{}&#8220;][et_pb_text _builder_version=&#8220;4.21.0&#8243; _module_preset=&#8220;_initial&#8220; global_colors_info=&#8220;{}&#8220;]<\/p>\n<h2 style=\"text-align: center;\">Starke soziale Werte<\/h2>\n<p>[\/et_pb_text][\/et_pb_column][\/et_pb_row][et_pb_row column_structure=&#8220;1_2,1_2&#8243; use_custom_gutter=&#8220;on&#8220; gutter_width=&#8220;1&#8243; make_equal=&#8220;on&#8220; custom_padding_last_edited=&#8220;off|phone&#8220; admin_label=&#8220;Quote&#8220; module_class=&#8220;row-small-quote&#8220; _builder_version=&#8220;4.23.4&#8243; _module_preset=&#8220;_initial&#8220; custom_margin=&#8220;0px||40px||false|false&#8220; custom_margin_tablet=&#8220;0px||40px||false|false&#8220; custom_margin_phone=&#8220;0px||24px||false|false&#8220; custom_margin_last_edited=&#8220;on|desktop&#8220; custom_padding=&#8220;0px||0px||true|false&#8220; custom_padding_tablet=&#8220;40px||40px||true|false&#8220; custom_padding_phone=&#8220;20px||20px||true|false&#8220; animation_style=&#8220;fade&#8220; background_size_tablet=&#8220;cover&#8220; custom_css_main_element=&#8220;display: flex;||flex-wrap: wrap;||align-items: center;&#8220; border_color_left=&#8220;#F27C21&#8243; border_radii_tablet=&#8220;on|8px|8px|8px|8px&#8220; border_radii_phone=&#8220;off||8px|8px|&#8220; border_radii_last_edited=&#8220;off|tablet&#8220; border_width_all_tablet=&#8220;&#8220; border_width_all_phone=&#8220;&#8220; border_width_all_last_edited=&#8220;on|phone&#8220; border_width_left_tablet=&#8220;0px&#8220; border_width_left_phone=&#8220;0px&#8220; border_width_left_last_edited=&#8220;on|tablet&#8220; global_colors_info=&#8220;{}&#8220;][et_pb_column type=&#8220;1_2&#8243; _builder_version=&#8220;4.21.0&#8243; _module_preset=&#8220;default&#8220; global_colors_info=&#8220;{}&#8220;][et_pb_image src=&#8220;https:\/\/staging.pelichet.ch\/wp-content\/uploads\/2024\/09\/A7_08441_edit.jpg&#8220; alt=&#8220;St\u00e9phane DISANT CEO Pelichet&#8220; title_text=&#8220;A7_08441_edit&#8220; _builder_version=&#8220;4.25.0&#8243; _module_preset=&#8220;default&#8220; global_colors_info=&#8220;{}&#8220;][\/et_pb_image][\/et_pb_column][et_pb_column type=&#8220;1_2&#8243; _builder_version=&#8220;4.23.4&#8243; _module_preset=&#8220;default&#8220; background_color=&#8220;#F2F2F2&#8243; border_width_right=&#8220;4px&#8220; border_color_right=&#8220;#F27C21&#8243; global_colors_info=&#8220;{}&#8220;][et_pb_text _builder_version=&#8220;4.23.4&#8243; _module_preset=&#8220;_initial&#8220; text_font_size=&#8220;2em&#8220; text_line_height=&#8220;1.4em&#8220; max_width_tablet=&#8220;100%&#8220; max_width_phone=&#8220;100%&#8220; max_width_last_edited=&#8220;off|desktop&#8220; custom_margin=&#8220;||||false|false&#8220; custom_margin_tablet=&#8220;||||false|false&#8220; custom_margin_phone=&#8220;||||false|false&#8220; custom_margin_last_edited=&#8220;on|tablet&#8220; custom_padding=&#8220;40px|40px|40px|40px|true|true&#8220; text_font_size_tablet=&#8220;1.5em&#8220; text_font_size_phone=&#8220;1.5em&#8220; text_font_size_last_edited=&#8220;on|tablet&#8220; module_alignment_tablet=&#8220;right&#8220; module_alignment_phone=&#8220;right&#8220; module_alignment_last_edited=&#8220;off|desktop&#8220; border_radii_tablet=&#8220;off|0px|||0px&#8220; border_radii_phone=&#8220;off|0px||0px|0px&#8220; border_radii_last_edited=&#8220;off|desktop&#8220; border_width_all_last_edited=&#8220;off|desktop&#8220; border_width_right_tablet=&#8220;0px&#8220; border_width_right_phone=&#8220;0px&#8220; border_width_right_last_edited=&#8220;on|tablet&#8220; global_colors_info=&#8220;{}&#8220;]<\/p>\n<p><em>&#8222;Der Faktor Mensch ist die Grundlage f\u00fcr das Handeln Pelichets gegen\u00fcber seinen Kunden, seinen Teams und der Gesellschaft.&#8220;<\/em><\/p>\n<h5 style=\"text-align: right;\"><\/h5>\n<h5 style=\"text-align: right;\"><em>St\u00e9phane Disant, CEO Pelichet Group<\/em><\/h5>\n<p>[\/et_pb_text][\/et_pb_column][\/et_pb_row][et_pb_row admin_label=&#8220;Accordion&#8220; _builder_version=&#8220;4.21.0&#8243; _module_preset=&#8220;_initial&#8220; custom_margin=&#8220;0px||80px||false|false&#8220; custom_margin_tablet=&#8220;||40px||false|false&#8220; custom_margin_phone=&#8220;||20px||false|false&#8220; custom_margin_last_edited=&#8220;on|desktop&#8220; custom_padding=&#8220;0px||0px||false|false&#8220; animation_style=&#8220;fade&#8220; global_colors_info=&#8220;{}&#8220;][et_pb_column type=&#8220;4_4&#8243; _builder_version=&#8220;4.21.0&#8243; _module_preset=&#8220;default&#8220; global_colors_info=&#8220;{}&#8220;][dipi_image_accordion accordion_height=&#8220;450px&#8220; active_image_relative_width=&#8220;2&#8243; accordion_direction_tablet=&#8220;vertical&#8220; accordion_direction_phone=&#8220;&#8220; accordion_direction_last_edited=&#8220;on|tablet&#8220; accordion_height_tablet=&#8220;1000px&#8220; accordion_height_phone=&#8220;&#8220; accordion_height_last_edited=&#8220;on|phone&#8220; active_image_relative_width_tablet=&#8220;2&#8243; active_image_relative_width_phone=&#8220;2&#8243; active_image_relative_width_last_edited=&#8220;on|tablet&#8220; _builder_version=&#8220;4.25.0&#8243; _module_preset=&#8220;default&#8220; custom_margin=&#8220;||||false|false&#8220; custom_padding=&#8220;||60px||false|false&#8220; global_colors_info=&#8220;{}&#8220;][dipi_image_accordion_child title=&#8220;One&#8220; bg_img=&#8220;https:\/\/staging.pelichet.ch\/wp-content\/uploads\/2024\/07\/engagement_ecologique_et_environnemental.webp&#8220; use_onload_active=&#8220;on&#8220; use_accordion_icon=&#8220;off&#8220; accordion_title=&#8220;DNA &#038; WERTE&#8220; accordion_description=&#8220;<\/p>\n<p>Pelichet integriert soziale und Umweltaspekte in seinen Gesch\u00e4ftsaktivit\u00e4ten, seinen L\u00f6sungen und in seinen Kundenbeziehungen. Unsere Gruppe strebt danach, die Bed\u00fcrfnisse von nationalen und internationalen Unternehmen dank musterg\u00fcltigen Prozessen zu befriedigen.<\/p>\n<p>&#8220; show_accordion_button=&#8220;on&#8220; accordion_button_text=&#8220;Entdecken&#8220; accordion_button_link=&#8220;\/de\/die-gruppe\/csr\/&#8220; accordion_align_horizontal=&#8220;left&#8220; content_width=&#8220;550px&#8220; image_bg_color=&#8220;RGBA(255,255,255,0)&#8220; _builder_version=&#8220;4.25.0&#8243; _module_preset=&#8220;default&#8220; accordion_title_level=&#8220;h3&#8243; accordion_title_font=&#8220;|700|||||||&#8220; accordion_title_text_color=&#8220;#ffffff&#8220; accordion_title_font_size=&#8220;1.5em&#8220; accordion_title_line_height=&#8220;1.38em&#8220; accordion_desc_font=&#8220;||||||||&#8220; accordion_desc_font_size=&#8220;1em&#8220; accordion_desc_line_height=&#8220;1.75em&#8220; width_last_edited=&#8220;off|desktop&#8220; module_alignment=&#8220;center&#8220; custom_margin=&#8220;|24px|0px||false|false&#8220; custom_margin_tablet=&#8220;|0px|8px||false|false&#8220; custom_margin_phone=&#8220;&#8220; custom_margin_last_edited=&#8220;on|phone&#8220; accordion_title_font_size_tablet=&#8220;36px&#8220; accordion_title_font_size_last_edited=&#8220;off|desktop&#8220; accordion_desc_font_size_tablet=&#8220;12px&#8220; accordion_desc_font_size_last_edited=&#8220;off|desktop&#8220; accordion_desc_letter_spacing_tablet=&#8220;3px&#8220; accordion_desc_letter_spacing_last_edited=&#8220;off|desktop&#8220; custom_css_dipi_accordion_content=&#8220;margin-left: auto;||margin-right: auto;||width: 85%;&#8220; border_radii=&#8220;on|8px|8px|8px|8px&#8220; global_colors_info=&#8220;{}&#8220; image_bg_color__hover_enabled=&#8220;on|hover&#8220; image_bg_color__hover=&#8220;rgba(0,0,0,0.5)&#8220; image_bg_enable_color__hover=&#8220;on&#8220; overlay_bg_color_gradient_type_tablet=&#8220;linear&#8220; overlay_bg_color_gradient_type_phone=&#8220;linear&#8220; overlay_bg_color_gradient_type__hover=&#8220;linear&#8220; image_bg_color_gradient_type__hover=&#8220;linear&#8220;][\/dipi_image_accordion_child][dipi_image_accordion_child title=&#8220;Two&#8220; bg_img=&#8220;https:\/\/staging.pelichet.ch\/wp-content\/uploads\/2024\/07\/pelichet-demenagement-vehicule-electric-mobilite-douce.webp&#8220; use_onload_active=&#8220;off&#8220; use_accordion_icon=&#8220;off&#8220; accordion_title=&#8220;Umweltbewusster Transport&#8220; accordion_description=&#8220;<\/p>\n<p>In allen seinen T\u00e4tigkeitsbereichen ist Pelichet umweltfreundlich mit Elektrofahrzeugen oder Fahrzeugen, die der Euro-6-Norm entsprechen, unterwegs. So wird eine Mobilit\u00e4t gew\u00e4hrleistet, die f\u00fcr den Planeten gut ist.<\/p>\n<p>&#8220; show_accordion_button=&#8220;on&#8220; accordion_button_text=&#8220;Entdecken&#8220; accordion_button_link=&#8220;\/de\/die-gruppe\/csr\/&#8220; accordion_align_horizontal=&#8220;left&#8220; content_width=&#8220;550px&#8220; image_bg_color=&#8220;RGBA(255,255,255,0)&#8220; _builder_version=&#8220;4.25.0&#8243; _module_preset=&#8220;default&#8220; accordion_title_level=&#8220;h3&#8243; accordion_title_font=&#8220;|700|||||||&#8220; accordion_title_text_color=&#8220;#ffffff&#8220; accordion_title_font_size=&#8220;1.5em&#8220; accordion_title_line_height=&#8220;1.38em&#8220; accordion_desc_font=&#8220;||||||||&#8220; accordion_desc_font_size=&#8220;1em&#8220; accordion_desc_line_height=&#8220;1.75em&#8220; module_alignment=&#8220;center&#8220; custom_margin=&#8220;|24px|0px||false|false&#8220; custom_margin_tablet=&#8220;|0px|8px||false|false&#8220; custom_margin_phone=&#8220;&#8220; custom_margin_last_edited=&#8220;on|phone&#8220; accordion_title_font_size_tablet=&#8220;36px&#8220; accordion_title_font_size_last_edited=&#8220;off|desktop&#8220; accordion_desc_font_size_tablet=&#8220;12px&#8220; accordion_desc_font_size_last_edited=&#8220;off|desktop&#8220; accordion_desc_letter_spacing_tablet=&#8220;3px&#8220; accordion_desc_letter_spacing_last_edited=&#8220;off|desktop&#8220; custom_css_dipi_accordion_content=&#8220;margin-left: auto;||margin-right: auto;||width: 85%;&#8220; border_radii=&#8220;on|8px|8px|8px|8px&#8220; global_colors_info=&#8220;{}&#8220; image_bg_color__hover_enabled=&#8220;on|hover&#8220; image_bg_color__hover=&#8220;rgba(0,0,0,0.5)&#8220; image_bg_enable_color__hover=&#8220;on&#8220; overlay_bg_color_gradient_type_tablet=&#8220;linear&#8220; overlay_bg_color_gradient_type_phone=&#8220;linear&#8220; overlay_bg_color_gradient_type__hover=&#8220;linear&#8220; image_bg_color_gradient_type__hover=&#8220;linear&#8220;][\/dipi_image_accordion_child][dipi_image_accordion_child title=&#8220;Three&#8220; bg_img=&#8220;https:\/\/staging.pelichet.ch\/wp-content\/uploads\/2024\/07\/rse-pelichet-triple-win-recyclage-bureaux.webp&#8220; use_onload_active=&#8220;off&#8220; use_accordion_icon=&#8220;off&#8220; accordion_title=&#8220;Der Triple Win&#8220; accordion_description=&#8220;<\/p>\n<p>Getragen von der Green Attitude schafft Pelichet mit dem Aufbau eines Netzwerks von Unternehmen rund um das Recycling von B\u00fcros etwas Neues. Dieser kollektive Beitrag zur Kreislaufwirtschaft tr\u00e4gt dazu bei, die Abfallmenge zu begrenzen und die beteiligten Unternehmen aufzuwerten.<\/p>\n<p>&#8220; show_accordion_button=&#8220;on&#8220; accordion_button_text=&#8220;Entdecken&#8220; accordion_button_link=&#8220;\/de\/die-gruppe\/csr\/&#8220; accordion_align_horizontal=&#8220;left&#8220; content_width=&#8220;550px&#8220; image_bg_color=&#8220;RGBA(255,255,255,0)&#8220; _builder_version=&#8220;4.25.0&#8243; _module_preset=&#8220;default&#8220; accordion_title_level=&#8220;h3&#8243; accordion_title_font=&#8220;|700|||||||&#8220; accordion_title_text_color=&#8220;#ffffff&#8220; accordion_title_font_size=&#8220;1.5em&#8220; accordion_title_line_height=&#8220;1.38em&#8220; accordion_desc_font=&#8220;||||||||&#8220; accordion_desc_font_size=&#8220;1em&#8220; accordion_desc_line_height=&#8220;1.75em&#8220; module_alignment=&#8220;center&#8220; custom_margin=&#8220;|24px|0px||false|false&#8220; custom_margin_tablet=&#8220;|0px|8px||false|false&#8220; custom_margin_phone=&#8220;&#8220; custom_margin_last_edited=&#8220;on|phone&#8220; accordion_title_font_size_tablet=&#8220;36px&#8220; accordion_title_font_size_last_edited=&#8220;off|desktop&#8220; accordion_desc_font_size_tablet=&#8220;12px&#8220; accordion_desc_font_size_last_edited=&#8220;off|desktop&#8220; accordion_desc_letter_spacing_tablet=&#8220;3px&#8220; accordion_desc_letter_spacing_last_edited=&#8220;off|desktop&#8220; custom_css_dipi_accordion_content=&#8220;margin-left: auto;||margin-right: auto;||width: 85%;&#8220; border_radii=&#8220;on|8px|8px|8px|8px&#8220; global_colors_info=&#8220;{}&#8220; image_bg_color__hover_enabled=&#8220;on|hover&#8220; image_bg_color__hover=&#8220;rgba(0,0,0,0.5)&#8220; image_bg_enable_color__hover=&#8220;on&#8220; overlay_bg_color_gradient_type_tablet=&#8220;linear&#8220; overlay_bg_color_gradient_type_phone=&#8220;linear&#8220; overlay_bg_color_gradient_type__hover=&#8220;linear&#8220; image_bg_color_gradient_type__hover=&#8220;linear&#8220;][\/dipi_image_accordion_child][dipi_image_accordion_child title=&#8220;Four&#8220; bg_img=&#8220;https:\/\/staging.pelichet.ch\/wp-content\/uploads\/2024\/07\/engagement_associatif_et_sponsoring-1.webp&#8220; use_onload_active=&#8220;off&#8220; use_accordion_icon=&#8220;off&#8220; accordion_title=&#8220;Der Faktor Mensch&#8220; accordion_description=&#8220;<\/p>\n<p>Menschliche Werte sind Teil der Identit\u00e4t von Pelichet. Transparentes Management, Engagement f\u00fcr Menschen mit Behinderung, Unterst\u00fctzung sportlicher Werte &#8230; Die Gruppe engagiert sich, um Einstellungen und die Gesellschaft zu ver\u00e4ndern.<\/p>\n<p>&#8220; show_accordion_button=&#8220;on&#8220; accordion_button_text=&#8220;Entdecken&#8220; accordion_button_link=&#8220;\/de\/die-gruppe\/csr\/&#8220; accordion_align_horizontal=&#8220;left&#8220; content_width=&#8220;550px&#8220; image_bg_color=&#8220;RGBA(255,255,255,0)&#8220; _builder_version=&#8220;4.25.0&#8243; _module_preset=&#8220;default&#8220; accordion_title_level=&#8220;h3&#8243; accordion_title_font=&#8220;|700|||||||&#8220; accordion_title_text_color=&#8220;#ffffff&#8220; accordion_title_font_size=&#8220;1.5em&#8220; accordion_title_line_height=&#8220;1.38em&#8220; accordion_desc_font=&#8220;||||||||&#8220; accordion_desc_font_size=&#8220;1em&#8220; accordion_desc_line_height=&#8220;1.75em&#8220; module_alignment=&#8220;center&#8220; custom_margin=&#8220;|24px|0px||false|false&#8220; custom_margin_tablet=&#8220;|0px|8px||false|false&#8220; custom_margin_phone=&#8220;&#8220; custom_margin_last_edited=&#8220;on|phone&#8220; accordion_title_font_size_tablet=&#8220;36px&#8220; accordion_title_font_size_last_edited=&#8220;off|desktop&#8220; accordion_desc_font_size_tablet=&#8220;12px&#8220; accordion_desc_font_size_last_edited=&#8220;off|desktop&#8220; accordion_desc_letter_spacing_tablet=&#8220;3px&#8220; accordion_desc_letter_spacing_last_edited=&#8220;off|desktop&#8220; custom_css_dipi_accordion_content=&#8220;margin-left: auto;||margin-right: auto;||width: 85%;&#8220; border_radii=&#8220;on|8px|8px|8px|8px&#8220; global_colors_info=&#8220;{}&#8220; image_bg_color__hover_enabled=&#8220;on|hover&#8220; image_bg_color__hover=&#8220;rgba(0,0,0,0.5)&#8220; image_bg_enable_color__hover=&#8220;on&#8220; overlay_bg_color_gradient_type_tablet=&#8220;linear&#8220; overlay_bg_color_gradient_type_phone=&#8220;linear&#8220; overlay_bg_color_gradient_type__hover=&#8220;linear&#8220; image_bg_color_gradient_type__hover=&#8220;linear&#8220;][\/dipi_image_accordion_child][\/dipi_image_accordion][\/et_pb_column][\/et_pb_row][et_pb_row admin_label=&#8220;Testimonials&#8220; _builder_version=&#8220;4.21.0&#8243; _module_preset=&#8220;_initial&#8220; custom_margin=&#8220;|auto|-17px|auto|false|false&#8220; custom_margin_tablet=&#8220;||40px||false|false&#8220; custom_margin_phone=&#8220;||20px||false|false&#8220; custom_margin_last_edited=&#8220;on|desktop&#8220; custom_padding=&#8220;0px||0px||false|false&#8220; animation_style=&#8220;fade&#8220; global_colors_info=&#8220;{}&#8220;][et_pb_column type=&#8220;4_4&#8243; _builder_version=&#8220;4.21.0&#8243; _module_preset=&#8220;default&#8220; global_colors_info=&#8220;{}&#8220;][et_pb_text _builder_version=&#8220;4.21.0&#8243; _module_preset=&#8220;_initial&#8220; header_2_text_align=&#8220;center&#8220; custom_margin=&#8220;||0px||false|false&#8220; global_colors_info=&#8220;{}&#8220;]<\/p>\n<h2>Unsere Kunden sprechen von uns<\/h2>\n<p>[\/et_pb_text][dipi_testimonial total_testimonial=&#8220;15&#8243; use_hide_company_link=&#8220;on&#8220; readmore_text=&#8220;Mehr lesen&#8220; orderby=&#8220;rand&#8220; testimonial_suppress_filters=&#8220;off&#8220; rating_color=&#8220;#F27C21&#8243; columns=&#8220;3&#8243; loop=&#8220;on&#8220; navigation=&#8220;on&#8220; use_navi_prev_icon=&#8220;on&#8220; navi_prev_icon=&#8220;&#xf104;||fa||900&#8243; use_navi_next_icon=&#8220;on&#8220; navi_next_icon=&#8220;&#xf105;||fa||900&#8243; navi_size=&#8220;30&#8243; navi_padding=&#8220;30&#8243; navi_color=&#8220;#000000&#8243; navi_bg_color=&#8220;#FFFFFF&#8220; navi_circle=&#8220;on&#8220; navi_position_left=&#8220;5&#8243; navi_position_right=&#8220;5&#8243; item_padding=&#8220;20px|50px|20px|50px|true|true&#8220; popup_color=&#8220;#F2F2F2&#8243; close_icon_bg_color=&#8220;#FFFFFF&#8220; close_icon_color=&#8220;#000000&#8243; item_bg_color=&#8220;#F2F2F2&#8243; columns_tablet=&#8220;1&#8243; columns_phone=&#8220;1&#8243; columns_last_edited=&#8220;on|tablet&#8220; navi_position_left_tablet=&#8220;5&#8243; navi_position_left_last_edited=&#8220;off|desktop&#8220; item_padding_tablet=&#8220;|40px||40px|true|true&#8220; item_padding_phone=&#8220;|30px||30px|true|true&#8220; item_padding_last_edited=&#8220;on|desktop&#8220; _builder_version=&#8220;4.21.0&#8243; _module_preset=&#8220;default&#8220; testimonial_name_font=&#8220;|700|||||||&#8220; testimonial_name_text_color=&#8220;#000000&#8243; testimonial_name_font_size=&#8220;1.13em&#8220; testimonial_name_line_height=&#8220;1.71em&#8220; testimonial_text_font=&#8220;||||||||&#8220; testimonial_text_text_color=&#8220;#333333&#8243; testimonial_text_font_size=&#8220;1.13em&#8220; testimonial_text_line_height=&#8220;1.71em&#8220; company_name_font=&#8220;|700||on|||||&#8220; company_name_text_color=&#8220;#F27C21&#8243; company_name_font_size=&#8220;1em&#8220; company_name_letter_spacing=&#8220;2px&#8220; readmore_font=&#8220;||||on||||&#8220; readmore_text_color=&#8220;#333333&#8243; readmore_font_size=&#8220;1em&#8220; readmore_line_height=&#8220;1.71em&#8220; review_popup_text_text_color=&#8220;#333333&#8243; custom_margin=&#8220;||-27px|||&#8220; readmore_text_color_tablet=&#8220;#333333&#8243; readmore_text_color_phone=&#8220;#333333&#8243; readmore_text_color_last_edited=&#8220;on|desktop&#8220; custom_css_navigation=&#8220;box-shadow: 0 5px 30px #00000020;&#8220; custom_css_testimonial_name=&#8220;margin-bottom: 0;||margin-top: 8px;&#8220; border_radii=&#8220;on|8px|8px|8px|8px&#8220; border_radii_profile_image=&#8220;on|50px|50px|50px|50px&#8220; box_shadow_style_profile_image=&#8220;preset3&#8243; global_colors_info=&#8220;{}&#8220; readmore_text_color__hover_enabled=&#8220;on|hover&#8220; readmore_text_color__hover=&#8220;#F27C21&#8243; navi_color__hover_enabled=&#8220;on|hover&#8220; navi_color__hover=&#8220;#F27C21&#8243; link_font_size__hover_enabled=&#8220;on|desktop&#8220; close_icon_color__hover_enabled=&#8220;on|hover&#8220; close_icon_color__hover=&#8220;#F27C21&#8243; close_icon_bg_color__hover_enabled=&#8220;on|desktop&#8220; close_icon_bg_color__hover=&#8220;#FFFFFF&#8220;][\/dipi_testimonial][\/et_pb_column][\/et_pb_row][et_pb_row custom_padding_last_edited=&#8220;on|phone&#8220; admin_label=&#8220;News &#8211; title&#8220; _builder_version=&#8220;4.21.0&#8243; _module_preset=&#8220;_initial&#8220; custom_padding=&#8220;0px||24px||false|false&#8220; custom_padding_tablet=&#8220;0px||||false|false&#8220; custom_padding_phone=&#8220;0px||||false|false&#8220; animation_style=&#8220;fade&#8220; global_colors_info=&#8220;{}&#8220;][et_pb_column type=&#8220;4_4&#8243; _builder_version=&#8220;4.21.0&#8243; _module_preset=&#8220;default&#8220; global_colors_info=&#8220;{}&#8220;][et_pb_text _builder_version=&#8220;4.21.0&#8243; _module_preset=&#8220;_initial&#8220; custom_margin=&#8220;||13px|||&#8220; global_colors_info=&#8220;{}&#8220;][\/et_pb_text][et_pb_text _builder_version=&#8220;4.21.0&#8243; _module_preset=&#8220;_initial&#8220; header_2_text_align=&#8220;center&#8220; custom_margin=&#8220;||0px||false|false&#8220; global_colors_info=&#8220;{}&#8220;]<\/p>\n<h2>Entdecken Sie die neuesten Nachrichten<\/h2>\n<p>[\/et_pb_text][\/et_pb_column][\/et_pb_row][et_pb_row column_structure=&#8220;1_3,1_3,1_3&#8243; use_custom_gutter=&#8220;on&#8220; gutter_width=&#8220;2&#8243; make_equal=&#8220;on&#8220; custom_padding_last_edited=&#8220;on|phone&#8220; admin_label=&#8220;News&#8220; _builder_version=&#8220;4.21.0&#8243; _module_preset=&#8220;_initial&#8220; custom_margin=&#8220;||||false|false&#8220; custom_padding=&#8220;0px||||false|false&#8220; custom_padding_tablet=&#8220;||||false|false&#8220; custom_padding_phone=&#8220;||||false|false&#8220; global_colors_info=&#8220;{}&#8220;][et_pb_column type=&#8220;1_3&#8243; _builder_version=&#8220;4.21.0&#8243; _module_preset=&#8220;default&#8220; animation_style=&#8220;fade&#8220; global_colors_info=&#8220;{}&#8220;][et_pb_blog posts_number=&#8220;1&#8243; include_categories=&#8220;all&#8220; excerpt_length=&#8220;150&#8243; _builder_version=&#8220;4.25.0&#8243; _module_preset=&#8220;3144321c-f268-47eb-8d0b-ef62a692a0c5&#8243; global_colors_info=&#8220;{}&#8220;][\/et_pb_blog][\/et_pb_column][et_pb_column type=&#8220;1_3&#8243; _builder_version=&#8220;4.21.0&#8243; _module_preset=&#8220;default&#8220; animation_style=&#8220;fade&#8220; global_colors_info=&#8220;{}&#8220;][et_pb_blog posts_number=&#8220;1&#8243; include_categories=&#8220;all&#8220; excerpt_length=&#8220;150&#8243; offset_number=&#8220;1&#8243; _builder_version=&#8220;4.25.0&#8243; _module_preset=&#8220;3144321c-f268-47eb-8d0b-ef62a692a0c5&#8243; global_colors_info=&#8220;{}&#8220;][\/et_pb_blog][\/et_pb_column][et_pb_column type=&#8220;1_3&#8243; _builder_version=&#8220;4.21.0&#8243; _module_preset=&#8220;default&#8220; animation_style=&#8220;fade&#8220; global_colors_info=&#8220;{}&#8220;][et_pb_blog posts_number=&#8220;1&#8243; include_categories=&#8220;all&#8220; excerpt_length=&#8220;150&#8243; offset_number=&#8220;2&#8243; _builder_version=&#8220;4.25.0&#8243; _module_preset=&#8220;3144321c-f268-47eb-8d0b-ef62a692a0c5&#8243; global_colors_info=&#8220;{}&#8220;][\/et_pb_blog][\/et_pb_column][\/et_pb_row][\/et_pb_section][et_pb_section fb_built=&#8220;1&#8243; custom_padding_last_edited=&#8220;on|phone&#8220; admin_label=&#8220;Contact&#8220; _builder_version=&#8220;4.21.0&#8243; _module_preset=&#8220;default&#8220; use_background_color_gradient=&#8220;on&#8220; background_color_gradient_direction=&#8220;90deg&#8220; background_color_gradient_stops=&#8220;#f58c27 0%|#eb561d 100%&#8220; custom_padding_tablet=&#8220;&#8220; custom_padding_phone=&#8220;&#8220; global_module=&#8220;22990648&#8243; global_colors_info=&#8220;{}&#8220;][et_pb_row column_structure=&#8220;2_5,3_5&#8243; use_custom_gutter=&#8220;on&#8220; gutter_width=&#8220;4&#8243; custom_padding_last_edited=&#8220;on|desktop&#8220; _builder_version=&#8220;4.21.0&#8243; _module_preset=&#8220;default&#8220; max_width=&#8220;1300px&#8220; custom_padding=&#8220;0px||0px||false|false&#8220; custom_padding_tablet=&#8220;0px||0px||false|false&#8220; custom_padding_phone=&#8220;0px||0px||false|false&#8220; animation_style=&#8220;fade&#8220; global_colors_info=&#8220;{}&#8220;][et_pb_column type=&#8220;2_5&#8243; _builder_version=&#8220;4.21.0&#8243; _module_preset=&#8220;default&#8220; custom_padding=&#8220;||||false|false&#8220; global_colors_info=&#8220;{}&#8220;][et_pb_text _builder_version=&#8220;4.21.0&#8243; _module_preset=&#8220;c03424a2-92b0-4db6-9fa7-e5acc8ed924d&#8220; header_2_text_color=&#8220;#FFFFFF&#8220; max_width=&#8220;600px&#8220; custom_margin=&#8220;||0px||false|false&#8220; custom_padding=&#8220;||24px||false|false&#8220; module_alignment_tablet=&#8220;center&#8220; module_alignment_phone=&#8220;center&#8220; module_alignment_last_edited=&#8220;on|tablet&#8220; global_colors_info=&#8220;{}&#8220;]<\/p>\n<h2>Kontaktieren Sie die Pelichet Gruppe<\/h2>\n<p>[\/et_pb_text][et_pb_text _builder_version=&#8220;4.23.4&#8243; _module_preset=&#8220;default&#8220; text_text_color=&#8220;#FFFFFF&#8220; text_font_size=&#8220;1.13em&#8220; background_layout=&#8220;dark&#8220; max_width=&#8220;600px&#8220; custom_margin=&#8220;||||false|false&#8220; custom_padding=&#8220;0px||0px||false|false&#8220; module_alignment_tablet=&#8220;center&#8220; module_alignment_phone=&#8220;center&#8220; module_alignment_last_edited=&#8220;on|tablet&#8220; global_colors_info=&#8220;{}&#8220;]Unsere Expertenteams begleiten und betreuen Sie in jeder Phase Ihres internationalen oder nationalen Umzugs. Wir arbeiten mit Unternehmen, Privatpersonen und internationalen Organisationen gleichermassen. Von Ihren pers\u00f6nlichen Gegenst\u00e4nden \u00fcber Ihre Fahrzeuge bis hin zu Ihren B\u00fcros oder Industrieanlagen \u2013 Pelichet hat eine L\u00f6sung f\u00fcr Sie, speziell f\u00fcr Sie.<\/p>\n<p><strong>T\u00e9l. : <a href=\"tel:+41228278000\">+41 22 827 80 00<\/a><\/strong><br \/>\n<strong>Fax :<\/strong><span>\u00a0<\/span><strong><a href=\"tel:+41 22 823 08 18\">+41 22 823 08 18<\/a><\/strong><\/p>\n<p><strong>Pelichet NLC SA<br \/>\n<\/strong>Chemin de Grenet 25<br \/>\nCH 1214 Vernier Schweiz[\/et_pb_text][\/et_pb_column][et_pb_column type=&#8220;3_5&#8243; _builder_version=&#8220;4.21.0&#8243; _module_preset=&#8220;default&#8220; global_colors_info=&#8220;{}&#8220;][dvppl_cf7_styler form_padding=&#8220;30px|30px|30px|30px|true|true&#8220; cf7=&#8220;22995748&#8243; form_field_padding=&#8220;16px|24px|16px|24px|true|true&#8220; form_background_color=&#8220;#f2f2f2&#8243; form_field_active_color=&#8220;#000000&#8243; form_field_spacing=&#8220;2px&#8220; cr_custom_styles=&#8220;on&#8220; cr_background_color=&#8220;#f2f2f2&#8243; cr_selected_color=&#8220;#F27C21&#8243; cr_border_color=&#8220;#f2f2f2&#8243; cr_border_size=&#8220;0px&#8220; disabled_on=&#8220;off|off|off&#8220; module_id=&#8220;french-form&#8220; _builder_version=&#8220;4.23.4&#8243; _module_preset=&#8220;default&#8220; labels_font=&#8220;Raleway|700|||||||&#8220; labels_text_color=&#8220;#777771&#8243; labels_font_size=&#8220;14px&#8220; background_color=&#8220;#FFFFFF&#8220; custom_submit_button=&#8220;on&#8220; submit_button_text_size=&#8220;14px&#8220; submit_button_text_color=&#8220;#ffffff&#8220; submit_button_bg_color=&#8220;#f27c21&#8243; submit_button_border_color=&#8220;rgba(255,255,255,0)&#8220; submit_button_border_radius=&#8220;8px&#8220; submit_button_font=&#8220;Raleway|700|||||||&#8220; submit_button_custom_margin=&#8220;8px||||false|false&#8220; submit_button_custom_padding=&#8220;12px|16px|12px|16px|true|true&#8220; custom_css_free_form=&#8220;@media only screen and (min-width: 767px) {|| .dife-column {|| display: flex;|| gap: 15px;|| align-items: baseline;|| }||}||||#requested-service {|| font-family: %22Raleway%22, sans-serif;|| font-size: 16px;||}&#8220; border_radii=&#8220;on|8px|8px|8px|8px&#8220; border_radii_field=&#8220;on|8px|8px|8px|8px&#8220; border_color_all_field=&#8220;rgba(255,255,255,0)&#8220; box_shadow_style=&#8220;preset1&#8243; box_shadow_horizontal=&#8220;5px&#8220; box_shadow_vertical=&#8220;5px&#8220; box_shadow_blur=&#8220;45px&#8220; box_shadow_color=&#8220;rgba(0,0,0,0.25)&#8220; global_colors_info=&#8220;{}&#8220; submit_button_bg_color__hover_enabled=&#8220;on|hover&#8220; submit_button_bg_color__hover=&#8220;#FFFFFF&#8220; submit_button_bg_enable_color__hover=&#8220;on&#8220; submit_button_border_color__hover_enabled=&#8220;on|desktop&#8220; submit_button_border_color__hover=&#8220;#f27c21&#8243; submit_button_text_color__hover_enabled=&#8220;on|hover&#8220; submit_button_text_color__hover=&#8220;#f27c21&#8243;][\/dvppl_cf7_styler][\/et_pb_column][\/et_pb_row][\/et_pb_section]<\/p>\n","protected":false},"excerpt":{"rendered":"<p>PELICHETExperte f\u00fcrMobilit\u00e4tseit 1891Genf &#8211; Schweiz &#8211; InternationalAls spezialisiertes Umzugsunternehmen seit \u00fcber 130 Jahren bietet Pelichet eine umfassende Palette von Mobilit\u00e4tsdienstleistungen in Genf, in der Schweiz und im Ausland, mit einem internationalen Netzwerk von Experten und 100 % ma\u00dfgeschneiderten L\u00f6sungen f\u00fcr Unternehmen, internationale Organisationen und Privatkunden.Unsere LeistungenErstklassige und 100 % personalisierte Dienstleistungen, unabh\u00e4ngig vom Zielort.Ein lokales [&hellip;]<\/p>\n","protected":false},"author":14,"featured_media":0,"parent":0,"menu_order":0,"comment_status":"closed","ping_status":"closed","template":"","meta":{"_et_pb_use_builder":"on","_et_pb_old_content":"","_et_gb_content_width":"","footnotes":""},"dipi_cpt_category":[],"class_list":["post-22994360","page","type-page","status-publish","hentry"],"_links":{"self":[{"href":"https:\/\/staging.pelichet.ch\/de\/wp-json\/wp\/v2\/pages\/22994360","targetHints":{"allow":["GET"]}}],"collection":[{"href":"https:\/\/staging.pelichet.ch\/de\/wp-json\/wp\/v2\/pages"}],"about":[{"href":"https:\/\/staging.pelichet.ch\/de\/wp-json\/wp\/v2\/types\/page"}],"author":[{"embeddable":true,"href":"https:\/\/staging.pelichet.ch\/de\/wp-json\/wp\/v2\/users\/14"}],"replies":[{"embeddable":true,"href":"https:\/\/staging.pelichet.ch\/de\/wp-json\/wp\/v2\/comments?post=22994360"}],"version-history":[{"count":140,"href":"https:\/\/staging.pelichet.ch\/de\/wp-json\/wp\/v2\/pages\/22994360\/revisions"}],"predecessor-version":[{"id":22996866,"href":"https:\/\/staging.pelichet.ch\/de\/wp-json\/wp\/v2\/pages\/22994360\/revisions\/22996866"}],"wp:attachment":[{"href":"https:\/\/staging.pelichet.ch\/de\/wp-json\/wp\/v2\/media?parent=22994360"}],"wp:term":[{"taxonomy":"dipi_cpt_category","embeddable":true,"href":"https:\/\/staging.pelichet.ch\/de\/wp-json\/wp\/v2\/dipi_cpt_category?post=22994360"}],"curies":[{"name":"wp","href":"https:\/\/api.w.org\/{rel}","templated":true}]}}